{"id":10,"date":"2021-10-20T09:30:02","date_gmt":"2021-10-20T12:30:02","guid":{"rendered":"https:\/\/aedompedro.com.br\/contato\/?page_id=10"},"modified":"2025-04-03T15:23:05","modified_gmt":"2025-04-03T18:23:05","slug":"contato","status":"publish","type":"page","link":"https:\/\/aedompedro.com.br\/contato\/","title":{"rendered":"Contato"},"content":{"rendered":"\t\t<div data-elementor-type=\"wp-page\" data-elementor-id=\"10\" class=\"elementor elementor-10\">\n\t\t\t\t<div class=\"elementor-element elementor-element-651d2e5 e-flex e-con-boxed e-con e-parent\" data-id=\"651d2e5\" data-element_type=\"container\" data-e-type=\"container\" data-settings=\"{&quot;background_background&quot;:&quot;classic&quot;}\">\n\t\t\t\t\t<div class=\"e-con-inner\">\n\t\t<div class=\"elementor-element elementor-element-b3f097f e-con-full e-flex e-con e-child\" data-id=\"b3f097f\" data-element_type=\"container\" data-e-type=\"container\">\n\t\t\t\t<div class=\"elementor-element elementor-element-0ff56b6 elementor-widget-tablet__width-initial elementor-widget-mobile__width-inherit elementor-widget elementor-widget-image\" data-id=\"0ff56b6\" data-element_type=\"widget\" data-e-type=\"widget\" data-widget_type=\"image.default\">\n\t\t\t\t<div class=\"elementor-widget-container\">\n\t\t\t\t\t\t\t\t\t\t\t\t\t\t\t\t<a href=\"https:\/\/aedompedro.com.br\/\">\n\t\t\t\t\t\t\t<img decoding=\"async\" width=\"390\" height=\"93\" src=\"https:\/\/aedompedro.com.br\/contato\/wp-content\/uploads\/2023\/02\/logo-cfc-dom-pedro-autoescola-americana.png\" class=\"attachment-large size-large wp-image-65\" alt=\"\" srcset=\"https:\/\/aedompedro.com.br\/contato\/wp-content\/uploads\/2023\/02\/logo-cfc-dom-pedro-autoescola-americana.png 390w, https:\/\/aedompedro.com.br\/contato\/wp-content\/uploads\/2023\/02\/logo-cfc-dom-pedro-autoescola-americana-300x72.png 300w\" sizes=\"(max-width: 390px) 100vw, 390px\" \/>\t\t\t\t\t\t\t\t<\/a>\n\t\t\t\t\t\t\t\t\t\t\t\t\t\t\t<\/div>\n\t\t\t\t<\/div>\n\t\t\t\t<div class=\"elementor-element elementor-element-8c51ac5 elementor-widget-tablet__width-initial elementor-widget-mobile__width-inherit elementor-widget elementor-widget-heading\" data-id=\"8c51ac5\" data-element_type=\"widget\" data-e-type=\"widget\" data-widget_type=\"heading.default\">\n\t\t\t\t<div class=\"elementor-widget-container\">\n\t\t\t\t\t<h2 class=\"elementor-heading-title elementor-size-default\">(19) 3407-2667 | (19) 99128-5653<br>\n\nR. das Rosas, 68 <br> Cidade Jardim II\n- Americana\/SP\n<br>\n ae.dompedro@yahoo.com.br<\/h2>\t\t\t\t<\/div>\n\t\t\t\t<\/div>\n\t\t\t\t<div class=\"elementor-element elementor-element-409df5e elementor-widget elementor-widget-google_maps\" data-id=\"409df5e\" data-element_type=\"widget\" data-e-type=\"widget\" data-widget_type=\"google_maps.default\">\n\t\t\t\t<div class=\"elementor-widget-container\">\n\t\t\t\t\t\t\t<div class=\"elementor-custom-embed\">\n\t\t\t<iframe loading=\"lazy\"\n\t\t\t\t\tsrc=\"https:\/\/maps.google.com\/maps?q=R.%20das%20Rosas%2C%2068%20-%20Cidade%20Jardim%20II&#038;t=m&#038;z=14&#038;output=embed&#038;iwloc=near\"\n\t\t\t\t\ttitle=\"R. das Rosas, 68 - Cidade Jardim II\"\n\t\t\t\t\taria-label=\"R. das Rosas, 68 - Cidade Jardim II\"\n\t\t\t><\/iframe>\n\t\t<\/div>\n\t\t\t\t\t\t<\/div>\n\t\t\t\t<\/div>\n\t\t\t\t<div class=\"elementor-element elementor-element-9affa9e elementor-align-right elementor-tablet-align-center elementor-widget elementor-widget-button\" data-id=\"9affa9e\" data-element_type=\"widget\" data-e-type=\"widget\" data-widget_type=\"button.default\">\n\t\t\t\t<div class=\"elementor-widget-container\">\n\t\t\t\t\t\t\t\t\t<div class=\"elementor-button-wrapper\">\n\t\t\t\t\t<a class=\"elementor-button elementor-button-link elementor-size-sm\" href=\"https:\/\/aedompedro.com.br\/\">\n\t\t\t\t\t\t<span class=\"elementor-button-content-wrapper\">\n\t\t\t\t\t\t<span class=\"elementor-button-icon\">\n\t\t\t\t<i aria-hidden=\"true\" class=\"far fa-arrow-alt-circle-left\"><\/i>\t\t\t<\/span>\n\t\t\t\t\t\t\t\t\t<span class=\"elementor-button-text\">Voltar para a Home<\/span>\n\t\t\t\t\t<\/span>\n\t\t\t\t\t<\/a>\n\t\t\t\t<\/div>\n\t\t\t\t\t\t\t\t<\/div>\n\t\t\t\t<\/div>\n\t\t\t\t<\/div>\n\t\t<div class=\"elementor-element elementor-element-7e564df e-con-full e-flex e-con e-child\" data-id=\"7e564df\" data-element_type=\"container\" data-e-type=\"container\" data-settings=\"{&quot;background_background&quot;:&quot;classic&quot;}\">\n\t\t\t\t<div class=\"elementor-element elementor-element-6d1ea71 elementor-widget elementor-widget-htmega-contactform-addons\" data-id=\"6d1ea71\" data-element_type=\"widget\" data-e-type=\"widget\" data-widget_type=\"htmega-contactform-addons.default\">\n\t\t\t\t<div class=\"elementor-widget-container\">\n\t\t\t\t\t            <div class=\"htmega-form-wrapper sid6d1ea71 htmega-form-style-6\" >\n                \n<div class=\"wpcf7 no-js\" id=\"wpcf7-f104-o1\" lang=\"pt-BR\" dir=\"ltr\" data-wpcf7-id=\"104\">\n<div class=\"screen-reader-response\"><p role=\"status\" aria-live=\"polite\" aria-atomic=\"true\"><\/p> <ul><\/ul><\/div>\n<form action=\"\/contato\/wp-json\/wp\/v2\/pages\/10#wpcf7-f104-o1\" method=\"post\" class=\"wpcf7-form init\" aria-label=\"Formul\u00e1rios de contato\" novalidate=\"novalidate\" data-status=\"init\">\n<fieldset class=\"hidden-fields-container\"><input type=\"hidden\" name=\"_wpcf7\" value=\"104\" \/><input type=\"hidden\" name=\"_wpcf7_version\" value=\"6.1.5\" \/><input type=\"hidden\" name=\"_wpcf7_locale\" value=\"pt_BR\" \/><input type=\"hidden\" name=\"_wpcf7_unit_tag\" value=\"wpcf7-f104-o1\" \/><input type=\"hidden\" name=\"_wpcf7_container_post\" value=\"0\" \/><input type=\"hidden\" name=\"_wpcf7_posted_data_hash\" value=\"\" \/>\n<\/fieldset>\n<div class=\"content-column one_half\" style=\"padding:0 10px 0 0;\">\n\t<p><span class=\"wpcf7-form-control-wrap\" data-name=\"your-name\"><input size=\"40\" maxlength=\"400\" class=\"wpcf7-form-control wpcf7-text wpcf7-validates-as-required\" aria-required=\"true\" aria-invalid=\"false\" placeholder=\"Nome:*\" value=\"\" type=\"text\" name=\"your-name\" \/><\/span>\n\t<\/p>\n<\/div>\n<div class=\"content-column one_half\" style=\"padding:0 0px 0 0;\">\n\t<p><span class=\"wpcf7-form-control-wrap\" data-name=\"telefone\"><input size=\"40\" maxlength=\"400\" class=\"wpcf7-form-control wpcf7-text wpcf7-validates-as-required\" aria-required=\"true\" aria-invalid=\"false\" placeholder=\"Telefone:*\" value=\"\" type=\"text\" name=\"telefone\" \/><\/span>\n\t<\/p>\n<\/div>\n<div class=\"content-column one_half\" style=\"padding:0 10px 0 0;\">\n\t<p><span class=\"wpcf7-form-control-wrap\" data-name=\"your-email\"><input size=\"40\" maxlength=\"400\" class=\"wpcf7-form-control wpcf7-email wpcf7-validates-as-required wpcf7-text wpcf7-validates-as-email\" aria-required=\"true\" aria-invalid=\"false\" placeholder=\"E-mail:*\" value=\"\" type=\"email\" name=\"your-email\" \/><\/span>\n\t<\/p>\n<\/div>\n<div class=\"content-column one_half\" style=\"padding:0 0px 0 0;\">\n\t<p><span class=\"wpcf7-form-control-wrap\" data-name=\"endereco\"><input size=\"40\" maxlength=\"400\" class=\"wpcf7-form-control wpcf7-text\" aria-invalid=\"false\" placeholder=\"Endere\u00e7o Completo:\" value=\"\" type=\"text\" name=\"endereco\" \/><\/span>\n\t<\/p>\n<\/div>\n<p><span class=\"wpcf7-form-control-wrap\" data-name=\"Mensagem\"><textarea cols=\"40\" rows=\"10\" maxlength=\"2000\" class=\"wpcf7-form-control wpcf7-textarea\" aria-invalid=\"false\" placeholder=\"Mensagem:\" name=\"Mensagem\"><\/textarea><\/span>\n<\/p>\n<p>A nossa empresa est\u00e1 comprometida a proteger e respeitar sua privacidade, seus dados s\u00e3o usados apenas para fins de marketing. Acesse nossa pol\u00edtica de privacidade para saber mais. Prometemos n\u00e3o utilizar suas informa\u00e7\u00f5es de contato para enviar qualquer tipo de SPAM.\n<\/p>\n<p><span class=\"wpcf7-form-control-wrap\" data-name=\"checkbox-978\"><span class=\"wpcf7-form-control wpcf7-checkbox wpcf7-validates-as-required\"><span class=\"wpcf7-list-item first last\"><input type=\"checkbox\" name=\"checkbox-978[]\" value=\"Eu concordo em receber comunica\u00e7\u00f5es.\" \/><span class=\"wpcf7-list-item-label\">Eu concordo em receber comunica\u00e7\u00f5es.<\/span><\/span><\/span><\/span>\n<\/p>\n<p><input class=\"wpcf7-form-control wpcf7-submit has-spinner\" type=\"submit\" value=\"Enviar\" \/>\n<\/p><div class=\"wpcf7-response-output\" aria-hidden=\"true\"><\/div>\n<\/form>\n<\/div>\n            <\/div>\n\n\n        \t\t\t\t<\/div>\n\t\t\t\t<\/div>\n\t\t\t\t<\/div>\n\t\t\t\t\t<\/div>\n\t\t\t\t<\/div>\n\t\t\t\t<\/div>\n\t\t","protected":false},"excerpt":{"rendered":"<p>(19) 3407-2667 | (19) 99128-5653 R. das Rosas, 68 Cidade Jardim II &#8211; Americana\/SP ae.dompedro@yahoo.com.br Voltar para a Home A nossa empresa est\u00e1 comprometida a proteger e respeitar sua privacidade, seus dados s\u00e3o usados apenas para fins de marketing. Acesse nossa pol\u00edtica de privacidade para saber mais. Prometemos n\u00e3o utilizar suas informa\u00e7\u00f5es de contato para [&hellip;]<\/p>\n","protected":false},"author":1,"featured_media":0,"parent":0,"menu_order":0,"comment_status":"closed","ping_status":"closed","template":"elementor_canvas","meta":{"inline_featured_image":false,"footnotes":""},"class_list":["post-10","page","type-page","status-publish","hentry"],"yoast_head":"<!-- This site is optimized with the Yoast SEO plugin v27.5 - https:\/\/yoast.com\/product\/yoast-seo-wordpress\/ -->\n<title>Fale com a Auto Escola Dom Pedro<\/title>\n<meta name=\"description\" content=\"Entre em contato com a Auto Escola Dom Pedro e tire suas d\u00favidas sobre CNH, aulas pr\u00e1ticas, te\u00f3ricas e exames. Atendimento em Americana\/SP.\" \/>\n<meta name=\"robots\" content=\"index, follow, max-snippet:-1, max-image-preview:large, max-video-preview:-1\" \/>\n<link rel=\"canonical\" href=\"https:\/\/aedompedro.com.br\/contato\/\" \/>\n<meta property=\"og:locale\" content=\"pt_BR\" \/>\n<meta property=\"og:type\" content=\"article\" \/>\n<meta property=\"og:title\" content=\"Fale com a Auto Escola Dom Pedro\" \/>\n<meta property=\"og:description\" content=\"Entre em contato com a Auto Escola Dom Pedro e tire suas d\u00favidas sobre CNH, aulas pr\u00e1ticas, te\u00f3ricas e exames. Atendimento em Americana\/SP.\" \/>\n<meta property=\"og:url\" content=\"https:\/\/aedompedro.com.br\/contato\/\" \/>\n<meta property=\"og:site_name\" content=\"Autoescola Dom Pedro\" \/>\n<meta property=\"article:modified_time\" content=\"2025-04-03T18:23:05+00:00\" \/>\n<meta property=\"og:image\" content=\"https:\/\/aedompedro.com.br\/contato\/wp-content\/uploads\/2023\/02\/logo-cfc-dom-pedro-autoescola-americana.png\" \/>\n\t<meta property=\"og:image:width\" content=\"390\" \/>\n\t<meta property=\"og:image:height\" content=\"93\" \/>\n\t<meta property=\"og:image:type\" content=\"image\/png\" \/>\n<meta name=\"twitter:card\" content=\"summary_large_image\" \/>\n<meta name=\"twitter:label1\" content=\"Est. tempo de leitura\" \/>\n\t<meta name=\"twitter:data1\" content=\"1 minuto\" \/>\n<script type=\"application\/ld+json\" class=\"yoast-schema-graph\">{\"@context\":\"https:\\\/\\\/schema.org\",\"@graph\":[{\"@type\":\"WebPage\",\"@id\":\"https:\\\/\\\/aedompedro.com.br\\\/contato\\\/\",\"url\":\"https:\\\/\\\/aedompedro.com.br\\\/contato\\\/\",\"name\":\"Fale com a Auto Escola Dom Pedro\",\"isPartOf\":{\"@id\":\"https:\\\/\\\/aedompedro.com.br\\\/contato\\\/#website\"},\"primaryImageOfPage\":{\"@id\":\"https:\\\/\\\/aedompedro.com.br\\\/contato\\\/#primaryimage\"},\"image\":{\"@id\":\"https:\\\/\\\/aedompedro.com.br\\\/contato\\\/#primaryimage\"},\"thumbnailUrl\":\"https:\\\/\\\/aedompedro.com.br\\\/contato\\\/wp-content\\\/uploads\\\/2023\\\/02\\\/logo-cfc-dom-pedro-autoescola-americana.png\",\"datePublished\":\"2021-10-20T12:30:02+00:00\",\"dateModified\":\"2025-04-03T18:23:05+00:00\",\"description\":\"Entre em contato com a Auto Escola Dom Pedro e tire suas d\u00favidas sobre CNH, aulas pr\u00e1ticas, te\u00f3ricas e exames. Atendimento em Americana\\\/SP.\",\"breadcrumb\":{\"@id\":\"https:\\\/\\\/aedompedro.com.br\\\/contato\\\/#breadcrumb\"},\"inLanguage\":\"pt-BR\",\"potentialAction\":[{\"@type\":\"ReadAction\",\"target\":[\"https:\\\/\\\/aedompedro.com.br\\\/contato\\\/\"]}]},{\"@type\":\"ImageObject\",\"inLanguage\":\"pt-BR\",\"@id\":\"https:\\\/\\\/aedompedro.com.br\\\/contato\\\/#primaryimage\",\"url\":\"https:\\\/\\\/aedompedro.com.br\\\/contato\\\/wp-content\\\/uploads\\\/2023\\\/02\\\/logo-cfc-dom-pedro-autoescola-americana.png\",\"contentUrl\":\"https:\\\/\\\/aedompedro.com.br\\\/contato\\\/wp-content\\\/uploads\\\/2023\\\/02\\\/logo-cfc-dom-pedro-autoescola-americana.png\",\"width\":390,\"height\":93},{\"@type\":\"BreadcrumbList\",\"@id\":\"https:\\\/\\\/aedompedro.com.br\\\/contato\\\/#breadcrumb\",\"itemListElement\":[{\"@type\":\"ListItem\",\"position\":1,\"name\":\"In\u00edcio\",\"item\":\"https:\\\/\\\/aedompedro.com.br\\\/contato\\\/\"},{\"@type\":\"ListItem\",\"position\":2,\"name\":\"Contato\"}]},{\"@type\":\"WebSite\",\"@id\":\"https:\\\/\\\/aedompedro.com.br\\\/contato\\\/#website\",\"url\":\"https:\\\/\\\/aedompedro.com.br\\\/contato\\\/\",\"name\":\"Autoescola Dom Pedro\",\"description\":\"Centro de forma\u00e7\u00e3o de condutores credenciada junto ao DETRAN de S\u00e3o Paulo\",\"publisher\":{\"@id\":\"https:\\\/\\\/aedompedro.com.br\\\/contato\\\/#organization\"},\"potentialAction\":[{\"@type\":\"SearchAction\",\"target\":{\"@type\":\"EntryPoint\",\"urlTemplate\":\"https:\\\/\\\/aedompedro.com.br\\\/contato\\\/?s={search_term_string}\"},\"query-input\":{\"@type\":\"PropertyValueSpecification\",\"valueRequired\":true,\"valueName\":\"search_term_string\"}}],\"inLanguage\":\"pt-BR\"},{\"@type\":\"Organization\",\"@id\":\"https:\\\/\\\/aedompedro.com.br\\\/contato\\\/#organization\",\"name\":\"Autoescola Dom Pedro\",\"url\":\"https:\\\/\\\/aedompedro.com.br\\\/contato\\\/\",\"logo\":{\"@type\":\"ImageObject\",\"inLanguage\":\"pt-BR\",\"@id\":\"https:\\\/\\\/aedompedro.com.br\\\/contato\\\/#\\\/schema\\\/logo\\\/image\\\/\",\"url\":\"https:\\\/\\\/aedompedro.com.br\\\/contato\\\/wp-content\\\/uploads\\\/2023\\\/01\\\/Logo-Alumicenter.svg\",\"contentUrl\":\"https:\\\/\\\/aedompedro.com.br\\\/contato\\\/wp-content\\\/uploads\\\/2023\\\/01\\\/Logo-Alumicenter.svg\",\"width\":282,\"height\":67,\"caption\":\"Autoescola Dom Pedro\"},\"image\":{\"@id\":\"https:\\\/\\\/aedompedro.com.br\\\/contato\\\/#\\\/schema\\\/logo\\\/image\\\/\"}}]}<\/script>\n<!-- \/ Yoast SEO plugin. -->","yoast_head_json":{"title":"Fale com a Auto Escola Dom Pedro","description":"Entre em contato com a Auto Escola Dom Pedro e tire suas d\u00favidas sobre CNH, aulas pr\u00e1ticas, te\u00f3ricas e exames. Atendimento em Americana\/SP.","robots":{"index":"index","follow":"follow","max-snippet":"max-snippet:-1","max-image-preview":"max-image-preview:large","max-video-preview":"max-video-preview:-1"},"canonical":"https:\/\/aedompedro.com.br\/contato\/","og_locale":"pt_BR","og_type":"article","og_title":"Fale com a Auto Escola Dom Pedro","og_description":"Entre em contato com a Auto Escola Dom Pedro e tire suas d\u00favidas sobre CNH, aulas pr\u00e1ticas, te\u00f3ricas e exames. Atendimento em Americana\/SP.","og_url":"https:\/\/aedompedro.com.br\/contato\/","og_site_name":"Autoescola Dom Pedro","article_modified_time":"2025-04-03T18:23:05+00:00","og_image":[{"width":390,"height":93,"url":"https:\/\/aedompedro.com.br\/contato\/wp-content\/uploads\/2023\/02\/logo-cfc-dom-pedro-autoescola-americana.png","type":"image\/png"}],"twitter_card":"summary_large_image","twitter_misc":{"Est. tempo de leitura":"1 minuto"},"schema":{"@context":"https:\/\/schema.org","@graph":[{"@type":"WebPage","@id":"https:\/\/aedompedro.com.br\/contato\/","url":"https:\/\/aedompedro.com.br\/contato\/","name":"Fale com a Auto Escola Dom Pedro","isPartOf":{"@id":"https:\/\/aedompedro.com.br\/contato\/#website"},"primaryImageOfPage":{"@id":"https:\/\/aedompedro.com.br\/contato\/#primaryimage"},"image":{"@id":"https:\/\/aedompedro.com.br\/contato\/#primaryimage"},"thumbnailUrl":"https:\/\/aedompedro.com.br\/contato\/wp-content\/uploads\/2023\/02\/logo-cfc-dom-pedro-autoescola-americana.png","datePublished":"2021-10-20T12:30:02+00:00","dateModified":"2025-04-03T18:23:05+00:00","description":"Entre em contato com a Auto Escola Dom Pedro e tire suas d\u00favidas sobre CNH, aulas pr\u00e1ticas, te\u00f3ricas e exames. Atendimento em Americana\/SP.","breadcrumb":{"@id":"https:\/\/aedompedro.com.br\/contato\/#breadcrumb"},"inLanguage":"pt-BR","potentialAction":[{"@type":"ReadAction","target":["https:\/\/aedompedro.com.br\/contato\/"]}]},{"@type":"ImageObject","inLanguage":"pt-BR","@id":"https:\/\/aedompedro.com.br\/contato\/#primaryimage","url":"https:\/\/aedompedro.com.br\/contato\/wp-content\/uploads\/2023\/02\/logo-cfc-dom-pedro-autoescola-americana.png","contentUrl":"https:\/\/aedompedro.com.br\/contato\/wp-content\/uploads\/2023\/02\/logo-cfc-dom-pedro-autoescola-americana.png","width":390,"height":93},{"@type":"BreadcrumbList","@id":"https:\/\/aedompedro.com.br\/contato\/#breadcrumb","itemListElement":[{"@type":"ListItem","position":1,"name":"In\u00edcio","item":"https:\/\/aedompedro.com.br\/contato\/"},{"@type":"ListItem","position":2,"name":"Contato"}]},{"@type":"WebSite","@id":"https:\/\/aedompedro.com.br\/contato\/#website","url":"https:\/\/aedompedro.com.br\/contato\/","name":"Autoescola Dom Pedro","description":"Centro de forma\u00e7\u00e3o de condutores credenciada junto ao DETRAN de S\u00e3o Paulo","publisher":{"@id":"https:\/\/aedompedro.com.br\/contato\/#organization"},"potentialAction":[{"@type":"SearchAction","target":{"@type":"EntryPoint","urlTemplate":"https:\/\/aedompedro.com.br\/contato\/?s={search_term_string}"},"query-input":{"@type":"PropertyValueSpecification","valueRequired":true,"valueName":"search_term_string"}}],"inLanguage":"pt-BR"},{"@type":"Organization","@id":"https:\/\/aedompedro.com.br\/contato\/#organization","name":"Autoescola Dom Pedro","url":"https:\/\/aedompedro.com.br\/contato\/","logo":{"@type":"ImageObject","inLanguage":"pt-BR","@id":"https:\/\/aedompedro.com.br\/contato\/#\/schema\/logo\/image\/","url":"https:\/\/aedompedro.com.br\/contato\/wp-content\/uploads\/2023\/01\/Logo-Alumicenter.svg","contentUrl":"https:\/\/aedompedro.com.br\/contato\/wp-content\/uploads\/2023\/01\/Logo-Alumicenter.svg","width":282,"height":67,"caption":"Autoescola Dom Pedro"},"image":{"@id":"https:\/\/aedompedro.com.br\/contato\/#\/schema\/logo\/image\/"}}]}},"_links":{"self":[{"href":"https:\/\/aedompedro.com.br\/contato\/wp-json\/wp\/v2\/pages\/10","targetHints":{"allow":["GET"]}}],"collection":[{"href":"https:\/\/aedompedro.com.br\/contato\/wp-json\/wp\/v2\/pages"}],"about":[{"href":"https:\/\/aedompedro.com.br\/contato\/wp-json\/wp\/v2\/types\/page"}],"author":[{"embeddable":true,"href":"https:\/\/aedompedro.com.br\/contato\/wp-json\/wp\/v2\/users\/1"}],"replies":[{"embeddable":true,"href":"https:\/\/aedompedro.com.br\/contato\/wp-json\/wp\/v2\/comments?post=10"}],"version-history":[{"count":80,"href":"https:\/\/aedompedro.com.br\/contato\/wp-json\/wp\/v2\/pages\/10\/revisions"}],"predecessor-version":[{"id":129,"href":"https:\/\/aedompedro.com.br\/contato\/wp-json\/wp\/v2\/pages\/10\/revisions\/129"}],"wp:attachment":[{"href":"https:\/\/aedompedro.com.br\/contato\/wp-json\/wp\/v2\/media?parent=10"}],"curies":[{"name":"wp","href":"https:\/\/api.w.org\/{rel}","templated":true}]}}